{"id":51,"date":"2011-10-19T12:45:32","date_gmt":"2011-10-19T11:15:32","guid":{"rendered":"https:\/\/kylat.ekarjala.fi\/saarenkyla\/?page_id=51"},"modified":"2011-11-17T13:20:08","modified_gmt":"2011-11-17T11:50:08","slug":"saaren-kirkko","status":"publish","type":"page","link":"https:\/\/kylat.ekarjala.fi\/saarenkyla\/nahtavyydet\/saaren-kirkko\/","title":{"rendered":"Saaren kirkko"},"content":{"rendered":"<p><a href=\"http:\/\/www.parikkalansrk.fi\/toimitilat\/saarenkirkko\">http:\/\/www.parikkalansrk.fi\/toimitilat\/saarenkirkko<\/a><a href=\"https:\/\/kylat.ekarjala.fi\/saarenkyla\/wp-content\/uploads\/sites\/26\/2011\/10\/kirkko1.jpg\"><img loading=\"lazy\" decoding=\"async\" class=\"aligncenter size-full wp-image-150\" src=\"https:\/\/kylat.ekarjala.fi\/saarenkyla\/wp-content\/uploads\/sites\/26\/2011\/10\/kirkko1.jpg\" alt=\"\" width=\"384\" height=\"576\" \/><\/a><\/p>\n<p>&nbsp;<\/p>\n<p>&nbsp;<\/p>\n<p><a href=\"http:\/\/www.parikkalansrk.fi\/toimitilat\/saarenkirkko\">S<\/a>aaren kirkon l\u00e4heisyydess\u00e4 on my\u00f6s hautausmaa kappeleineen.<\/p>\n<div id=\"attachment_152\" style=\"width: 394px\" class=\"wp-caption aligncenter\"><a href=\"https:\/\/kylat.ekarjala.fi\/saarenkyla\/wp-content\/uploads\/sites\/26\/2011\/10\/Kaatuneiden-muistomerkki.jpg\"><img loading=\"lazy\" decoding=\"async\" aria-describedby=\"caption-attachment-152\" class=\"size-full wp-image-152\" src=\"https:\/\/kylat.ekarjala.fi\/saarenkyla\/wp-content\/uploads\/sites\/26\/2011\/10\/Kaatuneiden-muistomerkki.jpg\" alt=\"\" width=\"384\" height=\"576\" \/><\/a><p id=\"caption-attachment-152\" class=\"wp-caption-text\">Kaatuneiden muistomerkki<\/p><\/div>\n<p><a href=\"https:\/\/kylat.ekarjala.fi\/saarenkyla\/wp-content\/uploads\/sites\/26\/2011\/10\/hautausmaa.jpg\"><img loading=\"lazy\" decoding=\"async\" class=\"aligncenter size-full wp-image-151\" src=\"https:\/\/kylat.ekarjala.fi\/saarenkyla\/wp-content\/uploads\/sites\/26\/2011\/10\/hautausmaa.jpg\" alt=\"\" width=\"800\" height=\"534\" \/><\/a><\/p>\n<p style=\"text-align: center\"><a href=\"http:\/\/www.parikkalansrk.fi\/toimitilat\/saarenkirkko\"><br \/>\n<\/a><\/p>\n","protected":false},"excerpt":{"rendered":"<p>http:\/\/www.parikkalansrk.fi\/toimitilat\/saarenkirkko &nbsp; &nbsp; Saaren kirkon l\u00e4heisyydess\u00e4 on my\u00f6s hautausmaa kappeleineen.<\/p>\n","protected":false},"author":46,"featured_media":0,"parent":46,"menu_order":0,"comment_status":"open","ping_status":"open","template":"","meta":{"footnotes":""},"class_list":["post-51","page","type-page","status-publish","hentry"],"_links":{"self":[{"href":"https:\/\/kylat.ekarjala.fi\/saarenkyla\/wp-json\/wp\/v2\/pages\/51","targetHints":{"allow":["GET"]}}],"collection":[{"href":"https:\/\/kylat.ekarjala.fi\/saarenkyla\/wp-json\/wp\/v2\/pages"}],"about":[{"href":"https:\/\/kylat.ekarjala.fi\/saarenkyla\/wp-json\/wp\/v2\/types\/page"}],"author":[{"embeddable":true,"href":"https:\/\/kylat.ekarjala.fi\/saarenkyla\/wp-json\/wp\/v2\/users\/46"}],"replies":[{"embeddable":true,"href":"https:\/\/kylat.ekarjala.fi\/saarenkyla\/wp-json\/wp\/v2\/comments?post=51"}],"version-history":[{"count":5,"href":"https:\/\/kylat.ekarjala.fi\/saarenkyla\/wp-json\/wp\/v2\/pages\/51\/revisions"}],"predecessor-version":[{"id":54,"href":"https:\/\/kylat.ekarjala.fi\/saarenkyla\/wp-json\/wp\/v2\/pages\/51\/revisions\/54"}],"up":[{"embeddable":true,"href":"https:\/\/kylat.ekarjala.fi\/saarenkyla\/wp-json\/wp\/v2\/pages\/46"}],"wp:attachment":[{"href":"https:\/\/kylat.ekarjala.fi\/saarenkyla\/wp-json\/wp\/v2\/media?parent=51"}],"curies":[{"name":"wp","href":"https:\/\/api.w.org\/{rel}","templated":true}]}}